{"id":14828,"date":"2023-07-03T09:40:40","date_gmt":"2023-07-03T07:40:40","guid":{"rendered":"https:\/\/www.harecker.de\/blog\/?page_id=14828"},"modified":"2024-10-02T09:15:27","modified_gmt":"2024-10-02T07:15:27","slug":"lagerverkauf-forstinning-2","status":"publish","type":"page","link":"https:\/\/www.harecker.de\/blog\/lagerverkauf-forstinning-2\/","title":{"rendered":"Lagerverkauf Forstinning"},"content":{"rendered":"<h2 class=\"wp-block-heading\" id=\"h-wir-konnen-es-kaum-erwarten-sie-zu-begrussen\">Wir k&#xF6;nnen es kaum erwarten, Sie zu begr&#xFC;&#xDF;en!<\/h2>\n\n\n\n<p>Im Lagerkauf Forstinning finden Sie ma&#xDF;geschneiderte Serviceangebote, die auf die individuellen Bed&#xFC;rfnisse jedes Kunden abgestimmt sind. Ganz gleich, ob Sie eine pers&#xF6;nliche Beratung bevorzugen oder lieber schnell, flexibel und kontaktlos einkaufen m&#xF6;chten &#x2013; bei uns haben Sie die freie Wahl, um Ihren Einkauf so bequem wie m&#xF6;glich zu gestalten. Ihre Zufriedenheit steht f&#xFC;r uns an erster Stelle und wir setzen alles daran, Ihnen ein erstklassiges Einkaufserlebnis zu bieten.<\/p>\n\n\n\n<h2 class=\"wp-block-heading\" id=\"h-folgende-serviceleistungen-stehen-ihnen-zur-verfugung\">Folgende Serviceleistungen stehen Ihnen zur Verf&#xFC;gung:<\/h2>\n\n\n\n<h2 class=\"wp-block-heading\" id=\"h-lagerverkauf-forstinning-direkt-bei-uns-vor-ort\"><strong>Lagerverkauf Forstinning: <\/strong>direkt bei uns vor Ort<\/h2>\n\n\n\n<div class=\"wp-block-media-text alignwide has-media-on-the-right is-stacked-on-mobile is-vertically-aligned-center\" style=\"grid-template-columns:auto 54%\"><div class=\"wp-block-media-text__content\">\n<p>Entdecken Sie jetzt ein neues Einkaufserlebnis bei uns direkt im Lager. In idyllischer Lage in Forstinning, ganz in der N&#xE4;he von M&#xFC;nchen, stehen wir Ihnen pers&#xF6;nlich zur Verf&#xFC;gung, um Sie bestens zu beraten und Ihnen beim Kauf behilflich zu sein. <\/p>\n<\/div><figure class=\"wp-block-media-text__media\"><img loading=\"lazy\" decoding=\"async\" width=\"1024\" height=\"768\" src=\"https:\/\/www.harecker.de\/blog\/wp-content\/uploads\/2020\/08\/verkaufsraum-1024x768.jpg\" alt=\"\" class=\"wp-image-6832 size-full\" srcset=\"https:\/\/www.harecker.de\/blog\/wp-content\/uploads\/2020\/08\/verkaufsraum-1024x768.jpg 1024w, https:\/\/www.harecker.de\/blog\/wp-content\/uploads\/2020\/08\/verkaufsraum-350x263.jpg 350w, https:\/\/www.harecker.de\/blog\/wp-content\/uploads\/2020\/08\/verkaufsraum-768x576.jpg 768w, https:\/\/www.harecker.de\/blog\/wp-content\/uploads\/2020\/08\/verkaufsraum-1536x1152.jpg 1536w, https:\/\/www.harecker.de\/blog\/wp-content\/uploads\/2020\/08\/verkaufsraum-2048x1536.jpg 2048w, https:\/\/www.harecker.de\/blog\/wp-content\/uploads\/2020\/08\/verkaufsraum-500x375.jpg 500w, https:\/\/www.harecker.de\/blog\/wp-content\/uploads\/2020\/08\/verkaufsraum-250x188.jpg 250w\" sizes=\"auto, (max-width: 1024px) 100vw, 1024px\"\/><\/figure><\/div>\n\n\n\n<h3 class=\"wp-block-heading\" id=\"h-wir-haben-unseren-lagerverkauf-forstinning-fur-sie-geoffnet-von\"><strong>Wir haben unseren Lagerverkauf Forstinning f&#xFC;r Sie ge&#xF6;ffnet von:<\/strong><\/h3>\n\n\n\n<p>Mo-Do: 08:30-17:00 Uhr<\/p>\n\n\n\n<p>Freitag: 08:30-12:00 Uhr <\/p>\n\n\n\n<h3 class=\"wp-block-heading\" id=\"h-im-juli-amp-august-sind-unsere-offnungszeiten-von\">Im <strong>Juli &amp; August<\/strong> sind unsere &#xD6;ffnungszeiten von:<\/h3>\n\n\n\n<p>Mo-Do: 08:30-<strong>15:00<\/strong> Uhr<\/p>\n\n\n\n<p>Freitag: 08:30-12:00 Uhr<\/p>\n\n\n\n<p><\/p>\n\n\n\n<h2 class=\"wp-block-heading\" id=\"h-telefonische-bestellungen\"><strong>Telefonische Bestellungen<\/strong> <\/h2>\n\n\n\n<p>Sie erreichen uns pers&#xF6;nlich unter <strong>08121-40038<\/strong><\/p>\n\n\n\n<p><\/p>\n\n\n\n<h2 class=\"wp-block-heading\" id=\"h-individuell-einkaufen-24-7-mit-dem-harecker-safe\">Individuell Einkaufen: 24\/7 mit dem Harecker Safe <\/h2>\n\n\n\n<p>F&#xFC;r den Fall, dass Sie nicht zu unseren regul&#xE4;ren &#xD6;ffnungszeiten nach Forstinning kommen k&#xF6;nnen, haben wir f&#xFC;r Sie eine praktische L&#xF6;sung: den <strong>Harecker Safe<\/strong><\/p>\n\n\n\n<div class=\"wp-block-media-text alignwide has-media-on-the-right is-stacked-on-mobile\" style=\"grid-template-columns:auto 37%\"><div class=\"wp-block-media-text__content\">\n<p>Eink&#xE4;ufe an <strong>7 Tagen und 24 Stunden<\/strong> lang abholen.<\/p>\n\n\n\n<p><strong>100% sicher<\/strong> kontaktlos einkaufen wann immer Sie m&#xF6;chten.<\/p>\n<\/div><figure class=\"wp-block-media-text__media\"><img loading=\"lazy\" decoding=\"async\" width=\"768\" height=\"1024\" src=\"https:\/\/www.harecker.de\/blog\/wp-content\/uploads\/2020\/08\/click_and_collect_safe-768x1024.jpg\" alt=\"\" class=\"wp-image-6831 size-full\" srcset=\"https:\/\/www.harecker.de\/blog\/wp-content\/uploads\/2020\/08\/click_and_collect_safe-768x1024.jpg 768w, https:\/\/www.harecker.de\/blog\/wp-content\/uploads\/2020\/08\/click_and_collect_safe-263x350.jpg 263w, https:\/\/www.harecker.de\/blog\/wp-content\/uploads\/2020\/08\/click_and_collect_safe-1152x1536.jpg 1152w, https:\/\/www.harecker.de\/blog\/wp-content\/uploads\/2020\/08\/click_and_collect_safe-1536x2048.jpg 1536w, https:\/\/www.harecker.de\/blog\/wp-content\/uploads\/2020\/08\/click_and_collect_safe-250x333.jpg 250w, https:\/\/www.harecker.de\/blog\/wp-content\/uploads\/2020\/08\/click_and_collect_safe-scaled.jpg 1920w\" sizes=\"auto, (max-width: 768px) 100vw, 768px\"\/><\/figure><\/div>\n\n\n\n<p><strong>Die Nutzung des Harecker-Safes k&#xF6;nnte nicht einfacher sein:<\/strong><\/p>\n\n\n\n<ol class=\"wp-block-list\">\n<li>T&#xE4;tigen Sie Ihren Einkauf wie gewohnt in unserem <strong><a href=\"https:\/\/www.harecker.de\/\" target=\"_blank\" rel=\"noreferrer noopener\">Onlineshop<\/a><\/strong> und <strong>bezahlen Sie kontaktlos<\/strong>.<\/li>\n\n\n\n<li>Bei der Bestellung w&#xE4;hlen Sie als Lieferadresse &#x201E;<strong>Abholung aus dem Safe<\/strong>&#x201C; aus.<\/li>\n\n\n\n<li>Alle Bestellungen, die uns von <strong>Montag bis Freitag bis 12:00 Uhr<\/strong> erreichen, werden sicher im <strong>Safe aufbewahrt<\/strong>.<\/li>\n\n\n\n<li>Sie erhalten Ihren <strong>pers&#xF6;nlichen PIN-Code<\/strong> von uns.<\/li>\n\n\n\n<li>Sie k&#xF6;nnen Sie Ihren Einkauf zu jeder Zeit <strong>24\/7<\/strong> abholen. Geben Sie einfach den <strong>PIN-Code<\/strong> in das daf&#xFC;r vorgesehene Fach ein und schon halten Sie Ihren Einkauf in den H&#xE4;nden.<\/li>\n<\/ol>\n\n\n\n<h2 class=\"wp-block-heading\" id=\"h-so-kommen-sie-zum-lagerverkauf-forstinning\">So kommen Sie zum Lagerverkauf Forstinning:<\/h2>\n\n\n\n<h3 class=\"wp-block-heading has-text-align-center\" id=\"h-pfannen-harecker-jahnstrasse-12-d-85661-forstinning\">Pfannen Harecker<br>Jahnstra&#xDF;e 12<br>D-85661 Forstinning<\/h3>\n\n\n\n<p><\/p>\n\n\n\n<ul class=\"wp-block-list\">\n<li><strong>Mit dem Auto<\/strong>: Von M&#xFC;nchen auf der A94 Richtung Passau. Nimm die Ausfahrt &#x201E;Forstinning&#x201C;, rechts auf die Ebersberger Stra&#xDF;e (St2080) abbiegen und nach 2 km links in die Jahnstra&#xDF;e. Nach 300 m findest du uns auf der rechten Seite.<\/li>\n\n\n\n<li><strong>Mit &#xF6;ffentlichen Verkehrsmitteln<\/strong>: Vom M&#xFC;nchener Hauptbahnhof mit der S-Bahn Linie S2 Richtung Erding bis Markt Schwaben. Von dort mit dem Bus 446 Richtung Forstinning zur Haltestelle &#x201E;Forstinning, Schule&#x201C;. 5 Minuten Fu&#xDF;weg bis zur Jahnstra&#xDF;e.<\/li>\n<\/ul>\n\n\n\n<p><\/p>\n\n\n\n<p><strong>Das Pfannen Harecker Team freut sich auf Ihren Besuch in Forstinning!<\/strong><\/p>\n\n\n\n<p><\/p>\n","protected":false},"excerpt":{"rendered":"<p>Wir k&#xF6;nnen es kaum erwarten, Sie zu begr&#xFC;&#xDF;en! Im Lagerkauf Forstinning finden Sie ma&#xDF;geschneiderte Serviceangebote, die auf die individuellen Bed&#xFC;rfnisse jedes Kunden abgestimmt sind. Ganz gleich, ob Sie eine pers&#xF6;nliche Beratung bevorzugen oder lieber schnell, flexibel und kontaktlos einkaufen m&#xF6;chten &#x2013; bei uns haben Sie die freie Wahl, um Ihren Einkauf so bequem wie m&#xF6;glich&#x2026;<\/p>\n<p><a class=\"read-more\" href=\"https:\/\/www.harecker.de\/blog\/lagerverkauf-forstinning-2\/\">&#xBB; Weiterlesen<\/a><\/p>\n","protected":false},"author":17,"featured_media":0,"parent":0,"menu_order":0,"comment_status":"closed","ping_status":"closed","template":"","meta":{"_acf_changed":false,"wprm-recipe-roundup-name":"","wprm-recipe-roundup-description":"","footnotes":""},"class_list":["post-14828","page","type-page","status-publish","hentry"],"acf":[],"yoast_head":"<!-- This site is optimized with the Yoast SEO Premium plugin v27.4 (Yoast SEO v27.5) - https:\/\/yoast.com\/product\/yoast-seo-premium-wordpress\/ -->\n<title>Lagerverkauf Forstinning - Die Pfanne von harecker.de<\/title>\n<meta name=\"description\" content=\"Lagerverkauf direkt bei uns in Forstinning. Hier k\u00f6nnen Sie von Montag - Freitag zu den \u00d6ffnungszeiten bei uns Ihre Pfannen einkaufen.\" \/>\n<meta name=\"robots\" content=\"index, follow, max-snippet:-1, max-image-preview:large, max-video-preview:-1\" \/>\n<link rel=\"canonical\" href=\"https:\/\/www.harecker.de\/blog\/lagerverkauf-forstinning-2\/\" \/>\n<meta property=\"og:locale\" content=\"de_DE\" \/>\n<meta property=\"og:type\" content=\"article\" \/>\n<meta property=\"og:title\" content=\"Lagerverkauf Forstinning\" \/>\n<meta property=\"og:description\" content=\"Wir k\u00f6nnen es kaum erwarten, Sie zu begr\u00fc\u00dfen! Im Lagerkauf Forstinning finden Sie ma\u00dfgeschneiderte Serviceangebote, die auf die individuellen Bed\u00fcrfnisse\" \/>\n<meta property=\"og:url\" content=\"https:\/\/www.harecker.de\/blog\/lagerverkauf-forstinning-2\/\" \/>\n<meta property=\"og:site_name\" content=\"Die Pfanne von harecker.de\" \/>\n<meta property=\"article:publisher\" content=\"https:\/\/de-de.facebook.com\/harecker.pfannen\/\" \/>\n<meta property=\"article:modified_time\" content=\"2024-10-02T07:15:27+00:00\" \/>\n<meta property=\"og:image\" content=\"https:\/\/www.harecker.de\/blog\/wp-content\/uploads\/2020\/08\/verkaufsraum-1024x768.jpg\" \/>\n<meta name=\"twitter:card\" content=\"summary_large_image\" \/>\n<meta name=\"twitter:label1\" content=\"Gesch\u00e4tzte Lesezeit\" \/>\n\t<meta name=\"twitter:data1\" content=\"3\u00a0Minuten\" \/>\n<script type=\"application\/ld+json\" class=\"yoast-schema-graph\">{\"@context\":\"https:\\\/\\\/schema.org\",\"@graph\":[{\"@type\":\"WebPage\",\"@id\":\"https:\\\/\\\/www.harecker.de\\\/blog\\\/lagerverkauf-forstinning-2\\\/\",\"url\":\"https:\\\/\\\/www.harecker.de\\\/blog\\\/lagerverkauf-forstinning-2\\\/\",\"name\":\"Lagerverkauf Forstinning - Die Pfanne von harecker.de\",\"isPartOf\":{\"@id\":\"https:\\\/\\\/www.harecker.de\\\/blog\\\/#website\"},\"primaryImageOfPage\":{\"@id\":\"https:\\\/\\\/www.harecker.de\\\/blog\\\/lagerverkauf-forstinning-2\\\/#primaryimage\"},\"image\":{\"@id\":\"https:\\\/\\\/www.harecker.de\\\/blog\\\/lagerverkauf-forstinning-2\\\/#primaryimage\"},\"thumbnailUrl\":\"https:\\\/\\\/www.harecker.de\\\/blog\\\/wp-content\\\/uploads\\\/2020\\\/08\\\/verkaufsraum-1024x768.jpg\",\"datePublished\":\"2023-07-03T07:40:40+00:00\",\"dateModified\":\"2024-10-02T07:15:27+00:00\",\"description\":\"Lagerverkauf direkt bei uns in Forstinning. Hier k\u00f6nnen Sie von Montag - Freitag zu den \u00d6ffnungszeiten bei uns Ihre Pfannen einkaufen.\",\"breadcrumb\":{\"@id\":\"https:\\\/\\\/www.harecker.de\\\/blog\\\/lagerverkauf-forstinning-2\\\/#breadcrumb\"},\"inLanguage\":\"de\",\"potentialAction\":[{\"@type\":\"ReadAction\",\"target\":[\"https:\\\/\\\/www.harecker.de\\\/blog\\\/lagerverkauf-forstinning-2\\\/\"]}]},{\"@type\":\"ImageObject\",\"inLanguage\":\"de\",\"@id\":\"https:\\\/\\\/www.harecker.de\\\/blog\\\/lagerverkauf-forstinning-2\\\/#primaryimage\",\"url\":\"https:\\\/\\\/www.harecker.de\\\/blog\\\/wp-content\\\/uploads\\\/2020\\\/08\\\/verkaufsraum-scaled.jpg\",\"contentUrl\":\"https:\\\/\\\/www.harecker.de\\\/blog\\\/wp-content\\\/uploads\\\/2020\\\/08\\\/verkaufsraum-scaled.jpg\",\"width\":2560,\"height\":1920,\"caption\":\"verkaufsraum\"},{\"@type\":\"BreadcrumbList\",\"@id\":\"https:\\\/\\\/www.harecker.de\\\/blog\\\/lagerverkauf-forstinning-2\\\/#breadcrumb\",\"itemListElement\":[{\"@type\":\"ListItem\",\"position\":1,\"name\":\"Startseite\",\"item\":\"https:\\\/\\\/www.harecker.de\\\/blog\\\/\"},{\"@type\":\"ListItem\",\"position\":2,\"name\":\"Lagerverkauf Forstinning\"}]},{\"@type\":\"WebSite\",\"@id\":\"https:\\\/\\\/www.harecker.de\\\/blog\\\/#website\",\"url\":\"https:\\\/\\\/www.harecker.de\\\/blog\\\/\",\"name\":\"Die Pfanne von harecker.de\",\"description\":\"Tipps, Tricks und Neuigkeiten Rund um das Thema Kochen, Backen, Braten und Ern\u00e4hrung Pfannen, T\u00f6pfe und Br\u00e4ter in Profiqualit\u00e4t \u2013 Made in Germany\",\"publisher\":{\"@id\":\"https:\\\/\\\/www.harecker.de\\\/blog\\\/#organization\"},\"potentialAction\":[{\"@type\":\"SearchAction\",\"target\":{\"@type\":\"EntryPoint\",\"urlTemplate\":\"https:\\\/\\\/www.harecker.de\\\/blog\\\/?s={search_term_string}\"},\"query-input\":{\"@type\":\"PropertyValueSpecification\",\"valueRequired\":true,\"valueName\":\"search_term_string\"}}],\"inLanguage\":\"de\"},{\"@type\":\"Organization\",\"@id\":\"https:\\\/\\\/www.harecker.de\\\/blog\\\/#organization\",\"name\":\"Harecker Pfannen\",\"url\":\"https:\\\/\\\/www.harecker.de\\\/blog\\\/\",\"logo\":{\"@type\":\"ImageObject\",\"inLanguage\":\"de\",\"@id\":\"https:\\\/\\\/www.harecker.de\\\/blog\\\/#\\\/schema\\\/logo\\\/image\\\/\",\"url\":\"https:\\\/\\\/www.harecker.de\\\/blog\\\/wp-content\\\/uploads\\\/2018\\\/04\\\/logo.png\",\"contentUrl\":\"https:\\\/\\\/www.harecker.de\\\/blog\\\/wp-content\\\/uploads\\\/2018\\\/04\\\/logo.png\",\"width\":185,\"height\":96,\"caption\":\"Harecker Pfannen\"},\"image\":{\"@id\":\"https:\\\/\\\/www.harecker.de\\\/blog\\\/#\\\/schema\\\/logo\\\/image\\\/\"},\"sameAs\":[\"https:\\\/\\\/de-de.facebook.com\\\/harecker.pfannen\\\/\"]}]}<\/script>\n<!-- \/ Yoast SEO Premium plugin. -->","yoast_head_json":{"title":"Lagerverkauf Forstinning - Die Pfanne von harecker.de","description":"Lagerverkauf direkt bei uns in Forstinning. Hier k\u00f6nnen Sie von Montag - Freitag zu den \u00d6ffnungszeiten bei uns Ihre Pfannen einkaufen.","robots":{"index":"index","follow":"follow","max-snippet":"max-snippet:-1","max-image-preview":"max-image-preview:large","max-video-preview":"max-video-preview:-1"},"canonical":"https:\/\/www.harecker.de\/blog\/lagerverkauf-forstinning-2\/","og_locale":"de_DE","og_type":"article","og_title":"Lagerverkauf Forstinning","og_description":"Wir k\u00f6nnen es kaum erwarten, Sie zu begr\u00fc\u00dfen! Im Lagerkauf Forstinning finden Sie ma\u00dfgeschneiderte Serviceangebote, die auf die individuellen Bed\u00fcrfnisse","og_url":"https:\/\/www.harecker.de\/blog\/lagerverkauf-forstinning-2\/","og_site_name":"Die Pfanne von harecker.de","article_publisher":"https:\/\/de-de.facebook.com\/harecker.pfannen\/","article_modified_time":"2024-10-02T07:15:27+00:00","og_image":[{"url":"https:\/\/www.harecker.de\/blog\/wp-content\/uploads\/2020\/08\/verkaufsraum-1024x768.jpg","type":"","width":"","height":""}],"twitter_card":"summary_large_image","twitter_misc":{"Gesch\u00e4tzte Lesezeit":"3\u00a0Minuten"},"schema":{"@context":"https:\/\/schema.org","@graph":[{"@type":"WebPage","@id":"https:\/\/www.harecker.de\/blog\/lagerverkauf-forstinning-2\/","url":"https:\/\/www.harecker.de\/blog\/lagerverkauf-forstinning-2\/","name":"Lagerverkauf Forstinning - Die Pfanne von harecker.de","isPartOf":{"@id":"https:\/\/www.harecker.de\/blog\/#website"},"primaryImageOfPage":{"@id":"https:\/\/www.harecker.de\/blog\/lagerverkauf-forstinning-2\/#primaryimage"},"image":{"@id":"https:\/\/www.harecker.de\/blog\/lagerverkauf-forstinning-2\/#primaryimage"},"thumbnailUrl":"https:\/\/www.harecker.de\/blog\/wp-content\/uploads\/2020\/08\/verkaufsraum-1024x768.jpg","datePublished":"2023-07-03T07:40:40+00:00","dateModified":"2024-10-02T07:15:27+00:00","description":"Lagerverkauf direkt bei uns in Forstinning. Hier k\u00f6nnen Sie von Montag - Freitag zu den \u00d6ffnungszeiten bei uns Ihre Pfannen einkaufen.","breadcrumb":{"@id":"https:\/\/www.harecker.de\/blog\/lagerverkauf-forstinning-2\/#breadcrumb"},"inLanguage":"de","potentialAction":[{"@type":"ReadAction","target":["https:\/\/www.harecker.de\/blog\/lagerverkauf-forstinning-2\/"]}]},{"@type":"ImageObject","inLanguage":"de","@id":"https:\/\/www.harecker.de\/blog\/lagerverkauf-forstinning-2\/#primaryimage","url":"https:\/\/www.harecker.de\/blog\/wp-content\/uploads\/2020\/08\/verkaufsraum-scaled.jpg","contentUrl":"https:\/\/www.harecker.de\/blog\/wp-content\/uploads\/2020\/08\/verkaufsraum-scaled.jpg","width":2560,"height":1920,"caption":"verkaufsraum"},{"@type":"BreadcrumbList","@id":"https:\/\/www.harecker.de\/blog\/lagerverkauf-forstinning-2\/#breadcrumb","itemListElement":[{"@type":"ListItem","position":1,"name":"Startseite","item":"https:\/\/www.harecker.de\/blog\/"},{"@type":"ListItem","position":2,"name":"Lagerverkauf Forstinning"}]},{"@type":"WebSite","@id":"https:\/\/www.harecker.de\/blog\/#website","url":"https:\/\/www.harecker.de\/blog\/","name":"Die Pfanne von harecker.de","description":"Tipps, Tricks und Neuigkeiten Rund um das Thema Kochen, Backen, Braten und Ern\u00e4hrung Pfannen, T\u00f6pfe und Br\u00e4ter in Profiqualit\u00e4t \u2013 Made in Germany","publisher":{"@id":"https:\/\/www.harecker.de\/blog\/#organization"},"potentialAction":[{"@type":"SearchAction","target":{"@type":"EntryPoint","urlTemplate":"https:\/\/www.harecker.de\/blog\/?s={search_term_string}"},"query-input":{"@type":"PropertyValueSpecification","valueRequired":true,"valueName":"search_term_string"}}],"inLanguage":"de"},{"@type":"Organization","@id":"https:\/\/www.harecker.de\/blog\/#organization","name":"Harecker Pfannen","url":"https:\/\/www.harecker.de\/blog\/","logo":{"@type":"ImageObject","inLanguage":"de","@id":"https:\/\/www.harecker.de\/blog\/#\/schema\/logo\/image\/","url":"https:\/\/www.harecker.de\/blog\/wp-content\/uploads\/2018\/04\/logo.png","contentUrl":"https:\/\/www.harecker.de\/blog\/wp-content\/uploads\/2018\/04\/logo.png","width":185,"height":96,"caption":"Harecker Pfannen"},"image":{"@id":"https:\/\/www.harecker.de\/blog\/#\/schema\/logo\/image\/"},"sameAs":["https:\/\/de-de.facebook.com\/harecker.pfannen\/"]}]}},"jetpack_likes_enabled":true,"jetpack_sharing_enabled":true,"_links":{"self":[{"href":"https:\/\/www.harecker.de\/blog\/wp-json\/wp\/v2\/pages\/14828","targetHints":{"allow":["GET"]}}],"collection":[{"href":"https:\/\/www.harecker.de\/blog\/wp-json\/wp\/v2\/pages"}],"about":[{"href":"https:\/\/www.harecker.de\/blog\/wp-json\/wp\/v2\/types\/page"}],"author":[{"embeddable":true,"href":"https:\/\/www.harecker.de\/blog\/wp-json\/wp\/v2\/users\/17"}],"replies":[{"embeddable":true,"href":"https:\/\/www.harecker.de\/blog\/wp-json\/wp\/v2\/comments?post=14828"}],"version-history":[{"count":5,"href":"https:\/\/www.harecker.de\/blog\/wp-json\/wp\/v2\/pages\/14828\/revisions"}],"predecessor-version":[{"id":23757,"href":"https:\/\/www.harecker.de\/blog\/wp-json\/wp\/v2\/pages\/14828\/revisions\/23757"}],"wp:attachment":[{"href":"https:\/\/www.harecker.de\/blog\/wp-json\/wp\/v2\/media?parent=14828"}],"curies":[{"name":"wp","href":"https:\/\/api.w.org\/{rel}","templated":true}]}}