{"id":14077,"date":"2023-06-05T10:56:24","date_gmt":"2023-06-05T08:56:24","guid":{"rendered":"https:\/\/www.harecker.de\/blog\/?post_type=glossary&#038;p=14077"},"modified":"2023-11-23T14:12:51","modified_gmt":"2023-11-23T13:12:51","slug":"salbei","status":"publish","type":"glossary","link":"https:\/\/www.harecker.de\/blog\/glossary\/salbei\/","title":{"rendered":"Salbei"},"content":{"rendered":"<p><span class=\"\"  data-gt-translate-attributes='[{\"attribute\":\"data-cmtooltip\", \"format\":\"html\"}]'  tabindex='0' role='link'>Salbei<\/span>, auch bekannt als Salvia officinalis, ist eine mehrj&auml;hrige krautige Pflanze aus der Familie der Lippenbl&uuml;tler. Diese aromatische Pflanze ist in vielen Teilen der Welt verbreitet und findet seit Jahrhunderten Verwendung in der K&uuml;che, Medizin und Kosmetik. Die Bl&auml;tter der Pflanze zeichnet sich durch seine silbergrauen Bl&auml;tter und seine charakteristischen, duftenden Bl&uuml;ten aus.<\/p>\n\n\n\n<figure class=\"wp-block-image size-full is-resized\"><img loading=\"lazy\" decoding=\"async\" width=\"480\" height=\"640\" src=\"https:\/\/www.harecker.de\/blog\/wp-content\/uploads\/2023\/06\/Salbei-rotated.jpg\" alt=\"Bild einer Salbeipflanze mit gro&#xDF;en Bl&#xE4;ttern\" class=\"wp-image-14070\" style=\"width:392px;height:523px\" srcset=\"https:\/\/www.harecker.de\/blog\/wp-content\/uploads\/2023\/06\/Salbei-rotated.jpg 480w, https:\/\/www.harecker.de\/blog\/wp-content\/uploads\/2023\/06\/Salbei-263x350.jpg 263w, https:\/\/www.harecker.de\/blog\/wp-content\/uploads\/2023\/06\/Salbei-250x333.jpg 250w\" sizes=\"auto, (max-width: 480px) 100vw, 480px\"\/><\/figure>\n\n\n\n<p>In der K&#xFC;che ist Salbei f&#xFC;r seinen intensiven Geschmack und sein w&#xFC;rziges Aroma bekannt. Die Bl&#xE4;tter werden oft frisch oder getrocknet verwendet, um eine Vielzahl von Gerichten zu w&#xFC;rzen, insbesondere Fleischgerichte wie <a href=\"https:\/\/www.harecker.de\/blog\/saltimbocca\/\">Saltimbocca<\/a>, Suppen und So&#xDF;en. Salbei harmoniert gut mit anderen mediterranen Kr&#xE4;utern wie <span class=\"\" data-gt-translate-attributes='[{\"attribute\":\"data-cmtooltip\", \"format\":\"html\"}]' tabindex=\"0\" role=\"link\">Rosmarin<\/span> und <span class=\"\"  data-gt-translate-attributes='[{\"attribute\":\"data-cmtooltip\", \"format\":\"html\"}]'  tabindex='0' role='link'>Thymian<\/span> und verleiht den Gerichten eine besondere Note.<\/p>\n\n\n\n<p>Abgesehen von seinem kulinarischen Einsatz hat Salbei auch eine lange Tradition in der traditionellen Medizin. Die Pflanze enth&#xE4;lt &#xE4;therische &#xD6;le und verschiedene gesundheitsf&#xF6;rdernde Verbindungen wie Flavonoide und Tannine. Er wird oft zur Linderung von Halsschmerzen und Entz&#xFC;ndungen im Mundraum verwendet. Gurgeln mit Salbeitee kann beruhigend und entz&#xFC;ndungshemmend wirken. Dar&#xFC;ber hinaus wird Salbei in der Naturheilkunde zur Unterst&#xFC;tzung der Verdauung, zur Linderung von Menstruationsbeschwerden und zur F&#xF6;rderung der Entgiftung eingesetzt.<\/p>\n\n\n\n<p>Salbei hat auch kosmetische Anwendungen. Das &#xE4;therische &#xD6;l des Salbeis wird oft in der Hautpflege verwendet, da es adstringierende und antibakterielle Eigenschaften besitzt. Es kann bei der Behandlung von Akne, Hautunreinheiten und &#xFC;bersch&#xFC;ssigem Talg helfen. Salbeitee kann auch zur Haarpflege verwendet werden, um die Kopfhaut zu beruhigen und Schuppenbildung zu reduzieren.<\/p>\n\n\n\n<p>Es ist eine vielseitige Pflanze mit zahlreichen Anwendungen. Sein aromatischer Geschmack, seine medizinischen Eigenschaften und seine kosmetischen Vorteile machen ihn zu einer beliebten Wahl in der K&#xFC;che und f&#xFC;r nat&#xFC;rliche Heilmittel. Mit angemessener Vorsicht und Beratung k&#xF6;nnen Sie die vielf&#xE4;ltigen Vorz&#xFC;ge von Salbei genie&#xDF;en.<\/p>\n\n\n\n<p><strong>Das Pfannen Harecker Team w&#xFC;nscht viel Spa&#xDF; beim Kochen!<\/strong><\/p>\n","protected":false},"excerpt":{"rendered":"<p>Salbei, auch bekannt als Salvia officinalis, ist eine mehrj&#xE4;hrige krautige Pflanze aus der Familie der Lippenbl&#xFC;tler. Diese aromatische Pflanze ist in vielen Teilen der Welt verbreitet und findet seit Jahrhunderten Verwendung in der K&#xFC;che, Medizin und Kosmetik. Die Bl&#xE4;tter der Pflanze zeichnet sich durch seine silbergrauen Bl&#xE4;tter und seine charakteristischen, duftenden Bl&#xFC;ten aus. In der&#x2026;<\/p>\n<p><a class=\"read-more\" href=\"https:\/\/www.harecker.de\/blog\/glossary\/salbei\/\">&#xBB; Weiterlesen<\/a><\/p>\n","protected":false},"author":23,"featured_media":14070,"menu_order":0,"template":"","meta":{"_acf_changed":false,"wprm-recipe-roundup-name":"","wprm-recipe-roundup-description":"","footnotes":""},"class_list":["post-14077","glossary","type-glossary","status-publish","has-post-thumbnail","hentry"],"acf":[],"yoast_head":"<!-- This site is optimized with the Yoast SEO Premium plugin v27.4 (Yoast SEO v27.5) - https:\/\/yoast.com\/product\/yoast-seo-premium-wordpress\/ -->\n<title>Salbei - Die Pfanne von harecker.de<\/title>\n<meta name=\"description\" content=\"Salbei, auch bekannt als Salvia officinalis, ist eine mehrj\u00e4hrige krautige Pflanze aus der Familie der Lippenbl\u00fctler.\" \/>\n<meta name=\"robots\" content=\"index, follow, max-snippet:-1, max-image-preview:large, max-video-preview:-1\" \/>\n<link rel=\"canonical\" href=\"https:\/\/www.harecker.de\/blog\/glossary\/salbei\/\" \/>\n<meta property=\"og:locale\" content=\"de_DE\" \/>\n<meta property=\"og:type\" content=\"article\" \/>\n<meta property=\"og:title\" content=\"Salbei\" \/>\n<meta property=\"og:description\" content=\"Salbei, auch bekannt als Salvia officinalis, ist eine mehrj\u00e4hrige krautige Pflanze aus der Familie der Lippenbl\u00fctler.\" \/>\n<meta property=\"og:url\" content=\"https:\/\/www.harecker.de\/blog\/glossary\/salbei\/\" \/>\n<meta property=\"og:site_name\" content=\"Die Pfanne von harecker.de\" \/>\n<meta property=\"article:publisher\" content=\"https:\/\/de-de.facebook.com\/harecker.pfannen\/\" \/>\n<meta property=\"article:modified_time\" content=\"2023-11-23T13:12:51+00:00\" \/>\n<meta property=\"og:image\" content=\"https:\/\/www.harecker.de\/blog\/wp-content\/uploads\/2023\/06\/Salbei-rotated.jpg\" \/>\n\t<meta property=\"og:image:width\" content=\"480\" \/>\n\t<meta property=\"og:image:height\" content=\"640\" \/>\n\t<meta property=\"og:image:type\" content=\"image\/jpeg\" \/>\n<meta name=\"twitter:card\" content=\"summary_large_image\" \/>\n<meta name=\"twitter:label1\" content=\"Gesch\u00e4tzte Lesezeit\" \/>\n\t<meta name=\"twitter:data1\" content=\"2\u00a0Minuten\" \/>\n<script type=\"application\/ld+json\" class=\"yoast-schema-graph\">{\"@context\":\"https:\\\/\\\/schema.org\",\"@graph\":[{\"@type\":\"WebPage\",\"@id\":\"https:\\\/\\\/www.harecker.de\\\/blog\\\/glossary\\\/salbei\\\/\",\"url\":\"https:\\\/\\\/www.harecker.de\\\/blog\\\/glossary\\\/salbei\\\/\",\"name\":\"Salbei - Die Pfanne von harecker.de\",\"isPartOf\":{\"@id\":\"https:\\\/\\\/www.harecker.de\\\/blog\\\/#website\"},\"primaryImageOfPage\":{\"@id\":\"https:\\\/\\\/www.harecker.de\\\/blog\\\/glossary\\\/salbei\\\/#primaryimage\"},\"image\":{\"@id\":\"https:\\\/\\\/www.harecker.de\\\/blog\\\/glossary\\\/salbei\\\/#primaryimage\"},\"thumbnailUrl\":\"https:\\\/\\\/www.harecker.de\\\/blog\\\/wp-content\\\/uploads\\\/2023\\\/06\\\/Salbei-rotated.jpg\",\"datePublished\":\"2023-06-05T08:56:24+00:00\",\"dateModified\":\"2023-11-23T13:12:51+00:00\",\"description\":\"Salbei, auch bekannt als Salvia officinalis, ist eine mehrj\u00e4hrige krautige Pflanze aus der Familie der Lippenbl\u00fctler.\",\"breadcrumb\":{\"@id\":\"https:\\\/\\\/www.harecker.de\\\/blog\\\/glossary\\\/salbei\\\/#breadcrumb\"},\"inLanguage\":\"de\",\"potentialAction\":[{\"@type\":\"ReadAction\",\"target\":[\"https:\\\/\\\/www.harecker.de\\\/blog\\\/glossary\\\/salbei\\\/\"]}]},{\"@type\":\"ImageObject\",\"inLanguage\":\"de\",\"@id\":\"https:\\\/\\\/www.harecker.de\\\/blog\\\/glossary\\\/salbei\\\/#primaryimage\",\"url\":\"https:\\\/\\\/www.harecker.de\\\/blog\\\/wp-content\\\/uploads\\\/2023\\\/06\\\/Salbei-rotated.jpg\",\"contentUrl\":\"https:\\\/\\\/www.harecker.de\\\/blog\\\/wp-content\\\/uploads\\\/2023\\\/06\\\/Salbei-rotated.jpg\",\"width\":480,\"height\":640},{\"@type\":\"BreadcrumbList\",\"@id\":\"https:\\\/\\\/www.harecker.de\\\/blog\\\/glossary\\\/salbei\\\/#breadcrumb\",\"itemListElement\":[{\"@type\":\"ListItem\",\"position\":1,\"name\":\"Startseite\",\"item\":\"https:\\\/\\\/www.harecker.de\\\/blog\\\/\"},{\"@type\":\"ListItem\",\"position\":2,\"name\":\"Salbei\"}]},{\"@type\":\"WebSite\",\"@id\":\"https:\\\/\\\/www.harecker.de\\\/blog\\\/#website\",\"url\":\"https:\\\/\\\/www.harecker.de\\\/blog\\\/\",\"name\":\"Die Pfanne von harecker.de\",\"description\":\"Tipps, Tricks und Neuigkeiten Rund um das Thema Kochen, Backen, Braten und Ern\u00e4hrung Pfannen, T\u00f6pfe und Br\u00e4ter in Profiqualit\u00e4t \u2013 Made in Germany\",\"publisher\":{\"@id\":\"https:\\\/\\\/www.harecker.de\\\/blog\\\/#organization\"},\"potentialAction\":[{\"@type\":\"SearchAction\",\"target\":{\"@type\":\"EntryPoint\",\"urlTemplate\":\"https:\\\/\\\/www.harecker.de\\\/blog\\\/?s={search_term_string}\"},\"query-input\":{\"@type\":\"PropertyValueSpecification\",\"valueRequired\":true,\"valueName\":\"search_term_string\"}}],\"inLanguage\":\"de\"},{\"@type\":\"Organization\",\"@id\":\"https:\\\/\\\/www.harecker.de\\\/blog\\\/#organization\",\"name\":\"Harecker Pfannen\",\"url\":\"https:\\\/\\\/www.harecker.de\\\/blog\\\/\",\"logo\":{\"@type\":\"ImageObject\",\"inLanguage\":\"de\",\"@id\":\"https:\\\/\\\/www.harecker.de\\\/blog\\\/#\\\/schema\\\/logo\\\/image\\\/\",\"url\":\"https:\\\/\\\/www.harecker.de\\\/blog\\\/wp-content\\\/uploads\\\/2018\\\/04\\\/logo.png\",\"contentUrl\":\"https:\\\/\\\/www.harecker.de\\\/blog\\\/wp-content\\\/uploads\\\/2018\\\/04\\\/logo.png\",\"width\":185,\"height\":96,\"caption\":\"Harecker Pfannen\"},\"image\":{\"@id\":\"https:\\\/\\\/www.harecker.de\\\/blog\\\/#\\\/schema\\\/logo\\\/image\\\/\"},\"sameAs\":[\"https:\\\/\\\/de-de.facebook.com\\\/harecker.pfannen\\\/\"]}]}<\/script>\n<!-- \/ Yoast SEO Premium plugin. -->","yoast_head_json":{"title":"Salbei - Die Pfanne von harecker.de","description":"Salbei, auch bekannt als Salvia officinalis, ist eine mehrj\u00e4hrige krautige Pflanze aus der Familie der Lippenbl\u00fctler.","robots":{"index":"index","follow":"follow","max-snippet":"max-snippet:-1","max-image-preview":"max-image-preview:large","max-video-preview":"max-video-preview:-1"},"canonical":"https:\/\/www.harecker.de\/blog\/glossary\/salbei\/","og_locale":"de_DE","og_type":"article","og_title":"Salbei","og_description":"Salbei, auch bekannt als Salvia officinalis, ist eine mehrj\u00e4hrige krautige Pflanze aus der Familie der Lippenbl\u00fctler.","og_url":"https:\/\/www.harecker.de\/blog\/glossary\/salbei\/","og_site_name":"Die Pfanne von harecker.de","article_publisher":"https:\/\/de-de.facebook.com\/harecker.pfannen\/","article_modified_time":"2023-11-23T13:12:51+00:00","og_image":[{"width":480,"height":640,"url":"https:\/\/www.harecker.de\/blog\/wp-content\/uploads\/2023\/06\/Salbei-rotated.jpg","type":"image\/jpeg"}],"twitter_card":"summary_large_image","twitter_misc":{"Gesch\u00e4tzte Lesezeit":"2\u00a0Minuten"},"schema":{"@context":"https:\/\/schema.org","@graph":[{"@type":"WebPage","@id":"https:\/\/www.harecker.de\/blog\/glossary\/salbei\/","url":"https:\/\/www.harecker.de\/blog\/glossary\/salbei\/","name":"Salbei - Die Pfanne von harecker.de","isPartOf":{"@id":"https:\/\/www.harecker.de\/blog\/#website"},"primaryImageOfPage":{"@id":"https:\/\/www.harecker.de\/blog\/glossary\/salbei\/#primaryimage"},"image":{"@id":"https:\/\/www.harecker.de\/blog\/glossary\/salbei\/#primaryimage"},"thumbnailUrl":"https:\/\/www.harecker.de\/blog\/wp-content\/uploads\/2023\/06\/Salbei-rotated.jpg","datePublished":"2023-06-05T08:56:24+00:00","dateModified":"2023-11-23T13:12:51+00:00","description":"Salbei, auch bekannt als Salvia officinalis, ist eine mehrj\u00e4hrige krautige Pflanze aus der Familie der Lippenbl\u00fctler.","breadcrumb":{"@id":"https:\/\/www.harecker.de\/blog\/glossary\/salbei\/#breadcrumb"},"inLanguage":"de","potentialAction":[{"@type":"ReadAction","target":["https:\/\/www.harecker.de\/blog\/glossary\/salbei\/"]}]},{"@type":"ImageObject","inLanguage":"de","@id":"https:\/\/www.harecker.de\/blog\/glossary\/salbei\/#primaryimage","url":"https:\/\/www.harecker.de\/blog\/wp-content\/uploads\/2023\/06\/Salbei-rotated.jpg","contentUrl":"https:\/\/www.harecker.de\/blog\/wp-content\/uploads\/2023\/06\/Salbei-rotated.jpg","width":480,"height":640},{"@type":"BreadcrumbList","@id":"https:\/\/www.harecker.de\/blog\/glossary\/salbei\/#breadcrumb","itemListElement":[{"@type":"ListItem","position":1,"name":"Startseite","item":"https:\/\/www.harecker.de\/blog\/"},{"@type":"ListItem","position":2,"name":"Salbei"}]},{"@type":"WebSite","@id":"https:\/\/www.harecker.de\/blog\/#website","url":"https:\/\/www.harecker.de\/blog\/","name":"Die Pfanne von harecker.de","description":"Tipps, Tricks und Neuigkeiten Rund um das Thema Kochen, Backen, Braten und Ern\u00e4hrung Pfannen, T\u00f6pfe und Br\u00e4ter in Profiqualit\u00e4t \u2013 Made in Germany","publisher":{"@id":"https:\/\/www.harecker.de\/blog\/#organization"},"potentialAction":[{"@type":"SearchAction","target":{"@type":"EntryPoint","urlTemplate":"https:\/\/www.harecker.de\/blog\/?s={search_term_string}"},"query-input":{"@type":"PropertyValueSpecification","valueRequired":true,"valueName":"search_term_string"}}],"inLanguage":"de"},{"@type":"Organization","@id":"https:\/\/www.harecker.de\/blog\/#organization","name":"Harecker Pfannen","url":"https:\/\/www.harecker.de\/blog\/","logo":{"@type":"ImageObject","inLanguage":"de","@id":"https:\/\/www.harecker.de\/blog\/#\/schema\/logo\/image\/","url":"https:\/\/www.harecker.de\/blog\/wp-content\/uploads\/2018\/04\/logo.png","contentUrl":"https:\/\/www.harecker.de\/blog\/wp-content\/uploads\/2018\/04\/logo.png","width":185,"height":96,"caption":"Harecker Pfannen"},"image":{"@id":"https:\/\/www.harecker.de\/blog\/#\/schema\/logo\/image\/"},"sameAs":["https:\/\/de-de.facebook.com\/harecker.pfannen\/"]}]}},"jetpack_likes_enabled":true,"jetpack_sharing_enabled":true,"_links":{"self":[{"href":"https:\/\/www.harecker.de\/blog\/wp-json\/wp\/v2\/glossary\/14077","targetHints":{"allow":["GET"]}}],"collection":[{"href":"https:\/\/www.harecker.de\/blog\/wp-json\/wp\/v2\/glossary"}],"about":[{"href":"https:\/\/www.harecker.de\/blog\/wp-json\/wp\/v2\/types\/glossary"}],"author":[{"embeddable":true,"href":"https:\/\/www.harecker.de\/blog\/wp-json\/wp\/v2\/users\/23"}],"version-history":[{"count":3,"href":"https:\/\/www.harecker.de\/blog\/wp-json\/wp\/v2\/glossary\/14077\/revisions"}],"predecessor-version":[{"id":18348,"href":"https:\/\/www.harecker.de\/blog\/wp-json\/wp\/v2\/glossary\/14077\/revisions\/18348"}],"wp:featuredmedia":[{"embeddable":true,"href":"https:\/\/www.harecker.de\/blog\/wp-json\/wp\/v2\/media\/14070"}],"wp:attachment":[{"href":"https:\/\/www.harecker.de\/blog\/wp-json\/wp\/v2\/media?parent=14077"}],"curies":[{"name":"wp","href":"https:\/\/api.w.org\/{rel}","templated":true}]}}